{"id":181,"date":"2022-05-13T17:00:11","date_gmt":"2022-05-13T15:00:11","guid":{"rendered":"http:\/\/espb.be\/test\/?page_id=181"},"modified":"2024-08-07T18:23:07","modified_gmt":"2024-08-07T16:23:07","slug":"les-formateurs","status":"publish","type":"page","link":"https:\/\/espb.be\/?page_id=181","title":{"rendered":"Les formateurs"},"content":{"rendered":"\n<figure class=\"wp-block-image size-large\"><img decoding=\"async\" src=\"https:\/\/espb.be\/wp-content\/uploads\/2022\/05\/ESPB3.jpg\" alt=\"\"\/><\/figure>\n\n\n\n<div style=\"height:20px\" aria-hidden=\"true\" class=\"wp-block-spacer\"><\/div>\n\n\n\n<div class=\"wp-block-buttons is-content-justification-center is-layout-flex wp-container-core-buttons-is-layout-1 wp-block-buttons-is-layout-flex\"><\/div>\n\n\n<nav style=\"color: #336699; font-size:14px;\" class=\"has-text-color is-responsive items-justified-center wp-block-navigation is-content-justification-center is-layout-flex wp-container-core-navigation-is-layout-1 wp-block-navigation-is-layout-flex\" aria-label=\"Sous-menu La formation\" \n\t\t data-wp-interactive=\"core\/navigation\" data-wp-context='{\"overlayOpenedBy\":{\"click\":false,\"hover\":false,\"focus\":false},\"type\":\"overlay\",\"roleAttribute\":\"\",\"ariaLabel\":\"Menu\"}'><button aria-haspopup=\"dialog\" aria-label=\"Ouvrir le menu\" class=\"wp-block-navigation__responsive-container-open \" \n\t\t\t\tdata-wp-on--click=\"actions.openMenuOnClick\"\n\t\t\t\tdata-wp-on--keydown=\"actions.handleMenuKeydown\"\n\t\t\t><svg width=\"24\" height=\"24\" xmlns=\"http:\/\/www.w3.org\/2000\/svg\" viewBox=\"0 0 24 24\" aria-hidden=\"true\" focusable=\"false\"><rect x=\"4\" y=\"7.5\" width=\"16\" height=\"1.5\" \/><rect x=\"4\" y=\"15\" width=\"16\" height=\"1.5\" \/><\/svg><\/button>\n\t\t\t\t<div class=\"wp-block-navigation__responsive-container  \" style=\"\" id=\"modal-1\" \n\t\t\t\tdata-wp-class--has-modal-open=\"state.isMenuOpen\"\n\t\t\t\tdata-wp-class--is-menu-open=\"state.isMenuOpen\"\n\t\t\t\tdata-wp-watch=\"callbacks.initMenu\"\n\t\t\t\tdata-wp-on--keydown=\"actions.handleMenuKeydown\"\n\t\t\t\tdata-wp-on--focusout=\"actions.handleMenuFocusout\"\n\t\t\t\ttabindex=\"-1\"\n\t\t\t>\n\t\t\t\t\t<div class=\"wp-block-navigation__responsive-close\" tabindex=\"-1\">\n\t\t\t\t\t\t<div class=\"wp-block-navigation__responsive-dialog\" \n\t\t\t\tdata-wp-bind--aria-modal=\"state.ariaModal\"\n\t\t\t\tdata-wp-bind--aria-label=\"state.ariaLabel\"\n\t\t\t\tdata-wp-bind--role=\"state.roleAttribute\"\n\t\t\t>\n\t\t\t\t\t\t\t<button aria-label=\"Fermer le menu\" class=\"wp-block-navigation__responsive-container-close\" \n\t\t\t\tdata-wp-on--click=\"actions.closeMenuOnClick\"\n\t\t\t><svg xmlns=\"http:\/\/www.w3.org\/2000\/svg\" viewBox=\"0 0 24 24\" width=\"24\" height=\"24\" aria-hidden=\"true\" focusable=\"false\"><path d=\"M13 11.8l6.1-6.3-1-1-6.1 6.2-6.1-6.2-1 1 6.1 6.3-6.5 6.7 1 1 6.5-6.6 6.5 6.6 1-1z\"><\/path><\/svg><\/button>\n\t\t\t\t\t\t\t<div class=\"wp-block-navigation__responsive-container-content\" \n\t\t\t\tdata-wp-watch=\"callbacks.focusFirstElement\"\n\t\t\t id=\"modal-1-content\">\n\t\t\t\t\t\t\t\t<ul style=\"color: #336699; font-size:14px;\" class=\"wp-block-navigation__container has-text-color is-responsive items-justified-center wp-block-navigation\"><li style=\"font-size: 14px;\" class=\" wp-block-navigation-item wp-block-navigation-link\"><a class=\"wp-block-navigation-item__content\"  href=\"https:\/\/espb.be\/?page_id=82\"><span class=\"wp-block-navigation-item__label\"><strong>La formation<\/strong><\/span><\/a><\/li><li style=\"font-size: 14px;\" class=\" wp-block-navigation-item wp-block-navigation-link\"><a class=\"wp-block-navigation-item__content\"  href=\"https:\/\/espb.be\/?page_id=181\"><span class=\"wp-block-navigation-item__label\"><strong>Les formateurs<\/strong><\/span><\/a><\/li><\/ul><ul style=\"color: #336699; font-size:14px;\" class=\"wp-block-navigation__container has-text-color is-responsive items-justified-center wp-block-navigation\"><li style=\"font-size: 14px;\" class=\" wp-block-navigation-item wp-block-navigation-link\"><a class=\"wp-block-navigation-item__content\"  href=\"https:\/\/espb.be\/?page_id=263\"><span class=\"wp-block-navigation-item__label\"><strong>Organisation<\/strong><\/span><\/a><\/li><\/ul>\n\t\t\t\t\t\t\t<\/div>\n\t\t\t\t\t\t<\/div>\n\t\t\t\t\t<\/div>\n\t\t\t\t<\/div><\/nav>\n\n\n<div style=\"height:25px\" aria-hidden=\"true\" class=\"wp-block-spacer\"><\/div>\n\n\n\n<p>Les formateurs sont tous des praticiens pouvant acter d&rsquo;une exp\u00e9rience dans diff\u00e9rents secteurs de la formation d&rsquo;adultes. La plupart sont des professionnels de l&rsquo;\u00c9cole, sp\u00e9cialis\u00e9s dans l&rsquo;une et l&rsquo;autre discipline et, par l\u00e0 m\u00eame, pouvant t\u00e9moigner d&rsquo;une exp\u00e9rience de pairs. Certains sont des sp\u00e9cialistes externes au monde scolaire dont les comp\u00e9tences sont requises dans notre programme de formation.<\/p>\n\n\n\n<figure class=\"wp-block-table is-style-stripes\"><table class=\"has-fixed-layout\"><tbody><tr><td class=\"has-text-align-right\" data-align=\"right\"><a href=\"mailto:marc.andre@segec.be\">ANDR\u00c9 Marc<\/a><\/td><td>Instituteur primaire.<br>Expert TICE et M\u00e9dias.<br>Conseiller techno-p\u00e9dagogue au SeGEC.<br>Contributeur et membre du CSEM.<\/td><\/tr><tr><td class=\"has-text-align-right\" data-align=\"right\"><a href=\"mailto:espb2008@gmail.com\">BALLEUX Laurence<\/a><\/td><td>Ma\u00eetre Assistante en didactique des math\u00e9matiques \u00e0 la HE Vinci.<br>Formatrice en didactique des math\u00e9matiques dans le fondamental.<br>Directrice de l\u2019ESPB.<\/td><\/tr><tr><td class=\"has-text-align-right\" data-align=\"right\"><a href=\"mailto:sebastien.bar@vinci.be\">BAR S\u00e9bastien<\/a><\/td><td>Instituteur maternel.<br>Master en Sciences de l\u2019Education (UCL \u2013 FOPA).<br>Ma\u00eetre Assistant en psychop\u00e9dagogie \u00e0 la HE Vinci.<br>Coordinateur de formation novice&nbsp;<em>Outdoor<\/em>.<\/td><\/tr><tr><td class=\"has-text-align-right\" data-align=\"right\"><a href=\"mailto:blondeauben@gmail.com\">BLONDEAU Beno\u00eet<\/a><\/td><td>Instituteur primaire.<br>Dipl\u00f4m\u00e9 de l\u2019ESPB.<br>Master en Sciences de l\u2019Education (UCL \u2013 FOPA).<br>MFP et Ma\u00eetre Assistant \u00e0 la HE Vinci.<br>Formateur.<\/td><\/tr><tr><td class=\"has-text-align-right\" data-align=\"right\">BOLLE Maryl\u00e8ne<\/td><td>Institutrice maternelle. Formatrice ind\u00e9pendante. Auteure.<\/td><\/tr><tr><td class=\"has-text-align-right\" data-align=\"right\"><a href=\"mailto:geneboog@outlook.be\">BOOGAERTS Genevi\u00e8ve<\/a><\/td><td>Institutrice maternelle.<br>Dipl\u00f4m\u00e9e de l\u2019ESPB.<\/td><\/tr><tr><td class=\"has-text-align-right\" data-align=\"right\"><a href=\"mailto:christiane.bury@skynet.be\">BURY Christiane<\/a><\/td><td>Institutrice maternelle.<br>Directrice d\u2019\u00e9cole fondamentale.<br>Formatrice ind\u00e9pendante.<\/td><\/tr><tr><td class=\"has-text-align-right\" data-align=\"right\"><a href=\"mailto:benoit.chantraine@skynet.be\">CHANTRAINE Beno\u00eet<\/a><\/td><td>Instituteur primaire.<br>Conseiller techno-p\u00e9dagogue au SeGEC.<br>Formateur TICE.<\/td><\/tr><tr><td class=\"has-text-align-right\" data-align=\"right\"><a href=\"mailto:sylvain.corrillon@galilee.be\">CORRILLON Sylvain<\/a><\/td><td>AESI sciences naturelles.<br>Master en sciences de l&rsquo;\u00e9ducation (ULB).<br>Sp\u00e9cialisation en sciences et techniques du jeu.<br>Ma\u00eetre assistant en psychop\u00e9dagogie \u00e0 la HE Galil\u00e9e.<\/td><\/tr><tr><td class=\"has-text-align-right\" data-align=\"right\"><a href=\"mailto:fabienne.dourte@vinci.be\">DOURTE Fabienne<\/a><\/td><td>Ma\u00eetre Assistante en psychop\u00e9dagogie \u00e0 la HE Vinci.<br>Formatrice&nbsp;<em>Pleine Conscience<\/em>&nbsp;pour adultes et enfants.<\/td><\/tr><tr><td class=\"has-text-align-right\" data-align=\"right\"><a href=\"mailto:halloyludivine@yahoo.fr\">HALLOY Ludivine<\/a><\/td><td>Institutrice primaire.<br>Dipl\u00f4m\u00e9e de l\u2019ESPB.<br>Master en Sciences de l\u2019Education (UCL \u2013 FOPA).<br>Conseill\u00e8re p\u00e9dagogique enseignement sp\u00e9cialis\u00e9 Bruxelles-Brabant.<br>Orthop\u00e9dagogue clinicienne.<\/td><\/tr><tr><td class=\"has-text-align-right\" data-align=\"right\"><a href=\"mailto:lara.herinne@vinci.be\">HERINNE Lara<\/a><\/td><td>Institutrice maternelle.<br>Ma\u00eetre Assistante en psychop\u00e9dagogie&nbsp;\u00e0 la HE Vinci.<\/td><\/tr><tr><td class=\"has-text-align-right\" data-align=\"right\"><a href=\"mailto:alainpirard@hotmail.com\">PIRARD Alain<\/a><\/td><td>Psychop\u00e9dagogue.<br>Formateur de professeurs et conseiller (CNFETP de Lille et CREAS &#8211; UMons).<br>Membre de l\u2019AIFREF&nbsp;(Association Internationale de Formation et de Recherche en Education Familiale).<\/td><\/tr><tr><td class=\"has-text-align-right\" data-align=\"right\"><a href=\"mailto:michelle.potvin2@gmail.com\">POTVIN Michelle<\/a><\/td><td>Institutrice primaire.<br>Dipl\u00f4m\u00e9e de l\u2019ESPB.<br>Directrice d\u2019\u00e9cole fondamentale.<br>Conseill\u00e8re dioc\u00e9saine au CoDIEC.<br>Formatrice ind\u00e9pendante.<\/td><\/tr><tr><td class=\"has-text-align-right\" data-align=\"right\"><a href=\"mailto:dominique.stordeur@gmail.com\">STORDEUR Dominique<\/a><\/td><td>Institutrice primaire en p\u00e9dagogie Decroly.<br>Formatrice.<\/td><\/tr><tr><td class=\"has-text-align-right\" data-align=\"right\">STORDEUR Joseph<\/td><td>Psychop\u00e9dagogue. Formateur ind\u00e9pendant. Auteur.<\/td><\/tr><tr><td class=\"has-text-align-right\" data-align=\"right\"><a href=\"mailto:christophe.vanderroost@gmail.com\">VANDERROOST Christophe<\/a><\/td><td>Instituteur primaire. Dipl\u00f4m\u00e9 de l\u2019ESPB.<br>Directeur d\u2019\u00e9cole fondamentale.\u00a0<br>Conseiller p\u00e9dagogique.<br>Formateur ind\u00e9pendant en \u00c9ducation.<\/td><\/tr><tr><td class=\"has-text-align-right\" data-align=\"right\"><a href=\"mailto:wautersandre@yahoo.fr\">WAUTERS Andr\u00e9<\/a><\/td><td>Instituteur primaire.<br>Formateur.<br>Membre CG\u00e9 et GEM.<\/td><\/tr><\/tbody><\/table><\/figure>\n","protected":false},"excerpt":{"rendered":"<p>Les formateurs sont tous des praticiens pouvant acter d&rsquo;une exp\u00e9rience dans diff\u00e9rents secteurs de la formation d&rsquo;adultes. La plupart sont des professionnels de l&rsquo;\u00c9cole, sp\u00e9cialis\u00e9s dans l&rsquo;une et l&rsquo;autre discipline &#8230;<\/p>\n","protected":false},"author":1,"featured_media":0,"parent":0,"menu_order":0,"comment_status":"closed","ping_status":"closed","template":"","meta":{"footnotes":""},"_links":{"self":[{"href":"https:\/\/espb.be\/index.php?rest_route=\/wp\/v2\/pages\/181"}],"collection":[{"href":"https:\/\/espb.be\/index.php?rest_route=\/wp\/v2\/pages"}],"about":[{"href":"https:\/\/espb.be\/index.php?rest_route=\/wp\/v2\/types\/page"}],"author":[{"embeddable":true,"href":"https:\/\/espb.be\/index.php?rest_route=\/wp\/v2\/users\/1"}],"replies":[{"embeddable":true,"href":"https:\/\/espb.be\/index.php?rest_route=%2Fwp%2Fv2%2Fcomments&post=181"}],"version-history":[{"count":20,"href":"https:\/\/espb.be\/index.php?rest_route=\/wp\/v2\/pages\/181\/revisions"}],"predecessor-version":[{"id":675,"href":"https:\/\/espb.be\/index.php?rest_route=\/wp\/v2\/pages\/181\/revisions\/675"}],"wp:attachment":[{"href":"https:\/\/espb.be\/index.php?rest_route=%2Fwp%2Fv2%2Fmedia&parent=181"}],"curies":[{"name":"wp","href":"https:\/\/api.w.org\/{rel}","templated":true}]}}